{"id":7340,"date":"2019-05-16T19:28:42","date_gmt":"2019-05-16T19:28:42","guid":{"rendered":"https:\/\/nordestcycles.com\/contact"},"modified":"2019-06-10T12:08:06","modified_gmt":"2019-06-10T12:08:06","slug":"contact","status":"publish","type":"page","link":"https:\/\/nordestcycles.com\/en\/contact","title":{"rendered":"CONTACT"},"content":{"rendered":"<div class=\"wpb-content-wrapper\"><section class=\"l-section wpb_row height_auto width_full with_img\"><div class=\"l-section-img\" style=\"background-image: url(https:\/\/nordestcycles.com\/wp-content\/uploads\/2017\/02\/header-contact-01.jpg);\" data-img-width=\"1920\" data-img-height=\"460\"><\/div><div class=\"l-section-h i-cf\"><div class=\"g-cols vc_row type_default valign_top\"><div class=\"vc_col-sm-12 wpb_column vc_column_container\"><div class=\"vc_column-inner\"><div class=\"wpb_wrapper\"><div class=\"w-separator size_custom\" style=\"height:400px;\"><\/div><\/div><\/div><\/div><\/div><\/div><\/section><section class=\"l-section wpb_row height_medium\"><div class=\"l-section-h i-cf\"><div class=\"g-cols vc_row type_default valign_top\"><div class=\"vc_col-sm-4 wpb_column vc_column_container\"><div class=\"vc_column-inner\"><div class=\"wpb_wrapper\">\r\n\t<div class=\"wpb_text_column \">\r\n\t\t<div class=\"wpb_wrapper\">\r\n\t\t\t<h5>SOCIAL<\/h5>\n\r\n\t\t<\/div>\r\n\t<\/div>\r\n<div class=\"w-socials style_default hover_fade color_brand shape_square align_left\"><div class=\"w-socials-list\" style=\"font-size:20px;margin:-0;\"><div class=\"w-socials-item facebook\" style=\"padding:0;\"><a class=\"w-socials-item-link\" target=\"_blank\" href=\"https:\/\/www.facebook.com\/nordestrentalbike\/\" title=\"Facebook\" rel=\"nofollow\"><span class=\"w-socials-item-link-hover\"><\/span><\/a><div class=\"w-socials-item-popup\"><span>Facebook<\/span><\/div><\/div><div class=\"w-socials-item instagram\" style=\"padding:0;\"><a class=\"w-socials-item-link\" target=\"_blank\" href=\"https:\/\/www.instagram.com\/nordestcycles\/\" title=\"Instagram\" rel=\"nofollow\"><span class=\"w-socials-item-link-hover\"><\/span><\/a><div class=\"w-socials-item-popup\"><span>Instagram<\/span><\/div><\/div><\/div><\/div><div class=\"w-separator size_custom\" style=\"height:40px;\"><\/div>\r\n\t<div class=\"wpb_text_column \">\r\n\t\t<div class=\"wpb_wrapper\">\r\n\t\t\t<h5>CONTACT<\/h5>\n\r\n\t\t<\/div>\r\n\t<\/div>\r\n<div class=\"w-contacts\"><div class=\"w-contacts-list\"><div class=\"w-contacts-item for_address\"><span class=\"w-contacts-item-value\">ZONA ZERO, A\u00cdNSA, HUESCA<\/span><\/div><div class=\"w-contacts-item for_phone\"><span class=\"w-contacts-item-value\">+34 643 92 46 29 (FR\/EN\/ES)<\/span><\/div><\/div><\/div><div class=\"w-contacts\"><div class=\"w-contacts-list\"><div class=\"w-contacts-item for_phone\"><span class=\"w-contacts-item-value\">+34 670 44 33 73 (EN\/NL\/ES)<\/span><\/div><\/div><\/div><div class=\"w-contacts\"><div class=\"w-contacts-list\"><div class=\"w-contacts-item for_phone\"><span class=\"w-contacts-item-value\">+34 644 379 574 (ES\/PT\/EN)<\/span><\/div><div class=\"w-contacts-item for_email\"><span class=\"w-contacts-item-value\"><a href=\"mailto:rentalbike@nordestcycles.com\">rentalbike@nordestcycles.com<\/a><\/span><\/div><\/div><\/div><\/div><\/div><\/div><div class=\"vc_col-sm-8 wpb_column vc_column_container\"><div class=\"vc_column-inner\"><div class=\"wpb_wrapper\">\r\n\t<div class=\"wpb_text_column \">\r\n\t\t<div class=\"wpb_wrapper\">\r\n\t\t\t<h5>CONTACT WITH US<\/h5>\n\r\n\t\t<\/div>\r\n\t<\/div>\r\n\r\n\t<div class=\"wpb_text_column \">\r\n\t\t<div class=\"wpb_wrapper\">\r\n\t\t\t<p>Hello!<\/p>\n\r\n\t\t<\/div>\r\n\t<\/div>\r\n\n<div class=\"wpcf7 no-js\" id=\"wpcf7-f2052-o1\" lang=\"es-ES\" dir=\"ltr\" data-wpcf7-id=\"2052\">\n<div class=\"screen-reader-response\"><p role=\"status\" aria-live=\"polite\" aria-atomic=\"true\"><\/p> <ul><\/ul><\/div>\n<form action=\"\/en\/wp-json\/wp\/v2\/pages\/7340#wpcf7-f2052-o1\" method=\"post\" class=\"wpcf7-form init\" aria-label=\"Formulario de contacto\" novalidate=\"novalidate\" data-status=\"init\">\n<fieldset class=\"hidden-fields-container\"><input type=\"hidden\" name=\"_wpcf7\" value=\"2052\" \/><input type=\"hidden\" name=\"_wpcf7_version\" value=\"6.1.2\" \/><input type=\"hidden\" name=\"_wpcf7_locale\" value=\"es_ES\" \/><input type=\"hidden\" name=\"_wpcf7_unit_tag\" value=\"wpcf7-f2052-o1\" \/><input type=\"hidden\" name=\"_wpcf7_container_post\" value=\"0\" \/><input type=\"hidden\" name=\"_wpcf7_posted_data_hash\" value=\"\" \/>\n<\/fieldset>\n<p><label> Nombre<br \/>\n<span class=\"wpcf7-form-control-wrap\" data-name=\"your-name\"><input size=\"40\" maxlength=\"400\" class=\"wpcf7-form-control wpcf7-text wpcf7-validates-as-required\" aria-required=\"true\" aria-invalid=\"false\" value=\"\" type=\"text\" name=\"your-name\" \/><\/span> <\/label>\n<\/p>\n<p><label> Correo electr\u00f3nico<br \/>\n<span class=\"wpcf7-form-control-wrap\" data-name=\"your-email\"><input size=\"40\" maxlength=\"400\" class=\"wpcf7-form-control wpcf7-email wpcf7-validates-as-required wpcf7-text wpcf7-validates-as-email\" aria-required=\"true\" aria-invalid=\"false\" value=\"\" type=\"email\" name=\"your-email\" \/><\/span> <\/label>\n<\/p>\n<p><label> Mensaje<br \/>\n<span class=\"wpcf7-form-control-wrap\" data-name=\"your-message\"><textarea cols=\"40\" rows=\"10\" maxlength=\"2000\" class=\"wpcf7-form-control wpcf7-textarea\" aria-invalid=\"false\" name=\"your-message\"><\/textarea><\/span> <\/label>\n<\/p>\n<p><span style=\"float:left; margin-right:5px;\"><span class=\"wpcf7-form-control-wrap\" data-name=\"condiciones-legales\"><span class=\"wpcf7-form-control wpcf7-acceptance\"><span class=\"wpcf7-list-item\"><input type=\"checkbox\" name=\"condiciones-legales\" value=\"1\" aria-invalid=\"false\" \/><\/span><\/span><\/span><\/span><span style=\"margin-top:-5px;\">En cumplimiento de lo dispuesto en el art\u00edculo 5 de la Ley Org\u00e1nica 15\/1999, de 13 de diciembre, de Protecci\u00f3n de Datos de Car\u00e1cter Personal, le informamos que sus datos personales se insertar\u00e1n en un fichero de datos bajo la responsabilidad del Promotor cuya finalidad se refiere a la adecuada tramitaci\u00f3n de su petici\u00f3n, solicitud, consulta y\/o la gesti\u00f3n de sus comentarios en el marco de la plataforma https:\/\/nordestcycles.com. En todo caso, le recordamos la posibilidad de ejercitar, en cualquier momento, sus derechos de acceso, rectificaci\u00f3n, cancelaci\u00f3n y\/o oposici\u00f3n, de conformidad con la legislaci\u00f3n aplicable. Para mayor informaci\u00f3n puede consultar nuestra <a href=\"https:\/\/nordestcycles.com\/politica-de-privacidad-y-de-cookies\" target=\"blank\" rel=\"nofollow\">pol\u00edtica de privacidad y de cookies<\/a> y nuestro <a href=\"https:\/\/nordestcycles.com\/terminos-y-condiciones\" target=\"blank\" rel=\"nofollow\">aviso legal<\/a>.<br \/>\n<input class=\"wpcf7-form-control wpcf7-submit has-spinner\" type=\"submit\" value=\"Enviar\" \/><\/span>\n<\/p><div class=\"wpcf7-response-output\" aria-hidden=\"true\"><\/div>\n<\/form>\n<\/div>\n<\/div><\/div><\/div><\/div><\/div><\/section><section class=\"l-section wpb_row height_medium width_full\"><div class=\"l-section-h i-cf\"><div class=\"g-cols vc_row type_default valign_top\"><div class=\"vc_col-sm-12 wpb_column vc_column_container\"><div class=\"vc_column-inner\"><div class=\"wpb_wrapper\"><div class=\"w-image align_center\"><div class=\"w-image-h\"><img loading=\"lazy\" decoding=\"async\" width=\"1920\" height=\"300\" src=\"https:\/\/nordestcycles.com\/wp-content\/uploads\/2017\/02\/footer-contact-01.jpg\" class=\"attachment-full size-full\" alt=\"write us\" srcset=\"https:\/\/nordestcycles.com\/wp-content\/uploads\/2017\/02\/footer-contact-01.jpg 1920w, https:\/\/nordestcycles.com\/wp-content\/uploads\/2017\/02\/footer-contact-01-300x47.jpg 300w, https:\/\/nordestcycles.com\/wp-content\/uploads\/2017\/02\/footer-contact-01-600x94.jpg 600w, https:\/\/nordestcycles.com\/wp-content\/uploads\/2017\/02\/footer-contact-01-768x120.jpg 768w, https:\/\/nordestcycles.com\/wp-content\/uploads\/2017\/02\/footer-contact-01-1024x160.jpg 1024w\" sizes=\"auto, (max-width: 1920px) 100vw, 1920px\" \/><\/div><\/div><\/div><\/div><\/div><\/div><\/div><\/section>\n<\/div>","protected":false},"excerpt":{"rendered":"SOCIAL FacebookInstagram CONTACT ZONA ZERO, A\u00cdNSA, HUESCA+34 643 92 46 29 (FR\/EN\/ES)+34 670 44 33 73 (EN\/NL\/ES)+34 644 379 574 (ES\/PT\/EN)rentalbike@nordestcycles.com CONTACT WITH US Hello! Nombre Correo electr\u00f3nico Mensaje En cumplimiento de lo dispuesto en el art\u00edculo 5 de la Ley Org\u00e1nica 15\/1999, de 13 de diciembre, de Protecci\u00f3n de Datos de Car\u00e1cter Personal, le...","protected":false},"author":3,"featured_media":0,"parent":0,"menu_order":0,"comment_status":"closed","ping_status":"closed","template":"","meta":{"footnotes":""},"class_list":["post-7340","page","type-page","status-publish","hentry"],"_links":{"self":[{"href":"https:\/\/nordestcycles.com\/en\/wp-json\/wp\/v2\/pages\/7340","targetHints":{"allow":["GET"]}}],"collection":[{"href":"https:\/\/nordestcycles.com\/en\/wp-json\/wp\/v2\/pages"}],"about":[{"href":"https:\/\/nordestcycles.com\/en\/wp-json\/wp\/v2\/types\/page"}],"author":[{"embeddable":true,"href":"https:\/\/nordestcycles.com\/en\/wp-json\/wp\/v2\/users\/3"}],"replies":[{"embeddable":true,"href":"https:\/\/nordestcycles.com\/en\/wp-json\/wp\/v2\/comments?post=7340"}],"version-history":[{"count":2,"href":"https:\/\/nordestcycles.com\/en\/wp-json\/wp\/v2\/pages\/7340\/revisions"}],"predecessor-version":[{"id":7547,"href":"https:\/\/nordestcycles.com\/en\/wp-json\/wp\/v2\/pages\/7340\/revisions\/7547"}],"wp:attachment":[{"href":"https:\/\/nordestcycles.com\/en\/wp-json\/wp\/v2\/media?parent=7340"}],"curies":[{"name":"wp","href":"https:\/\/api.w.org\/{rel}","templated":true}]}}